{"id":56835,"date":"2026-02-04T00:00:00","date_gmt":"2026-02-04T00:00:00","guid":{"rendered":"https:\/\/richemont.swiss\/?post_type=event&#038;p=56835"},"modified":"2026-02-05T23:45:02","modified_gmt":"2026-02-05T22:45:02","slug":"securite-au-travail-et-protection-de-la-sante-14","status":"publish","type":"event","link":"https:\/\/richemont.swiss\/fr\/event\/securite-au-travail-et-protection-de-la-sante-14\/","title":{"rendered":"S\u00e9curit\u00e9 au travail et protection de la sant\u00e9"},"content":{"rendered":"<h2>Kursdauer<\/h2>\n<ul>\n<li>1 jour de cours en pr\u00e9sentiel : Transmission des bases, exemples pratiques et \u00e9change en groupe.<\/li>\n<li>Env. 4 heures de phase d&#039;auto-apprentissage : Application des connaissances acquises dans sa propre entreprise en remplissant des check-lists et en d\u00e9finissant des mesures de protection.<\/li>\n<li>2 heures d&#039;enseignement en ligne : R\u00e9union commune et discussion des mesures de protection \u00e9labor\u00e9es.<\/li>\n<\/ul>\n<h2>Zielgruppen<\/h2>\n<p><div>Coordinateur\/rice de s\u00e9curit\u00e9 (COSEC), candidat\/e au brevet f\u00e9d\u00e9ral (toutes orientations)<\/div>\n<\/p>\n<h2>Kursinhalt<\/h2>\n<div>\n<h3>Cours de base pour d\u00e9l\u00e9gu\u00e9s \u00e0 la s\u00e9curit\u00e9 de la branche boulangerie-p\u00e2tisserie-confiserie <\/h3>\n<\/div>\n<div>Vous apprendrez le contenu, les objectifs et le but de la solution de branche ASA et vous pourrez la mettre en pratique. Vous serez inform\u00e9s sur la base l\u00e9gale et pourrez soutenir l\u2019employeur dans tous les aspects de la s\u00e9curit\u00e9 et de la sant\u00e9 au travail. En tant que coordinateur de s\u00e9curit\u00e9, vous contribuez \u00e0 garantir un travail sain et s\u00e9curitaire et vous pouvez motiver les collaborateurs pour un comportement s\u00e9curitaire en milieu de travail. Vous serez capables de reconna\u00eetre les dangers et les risques pour la sant\u00e9 \u00e0 un stade pr\u00e9coce et ainsi faire de la pr\u00e9vention. Vous motiverez \u00e0 adopter des comportements s\u00e9curitaires dans le travail et les loisirs. <\/div>\n<div>Apr\u00e8s la premi\u00e8re journ\u00e9e de cours, vous travaillerez sur des questions dans l&#039;entreprise, qui seront discut\u00e9es lors d&#039;une session en ligne finale environ quatre semaines apr\u00e8s la premi\u00e8re journ\u00e9e de cours. <\/div>\n<div>Apr\u00e8s la participation \u00e0 cette formation, vous recevrez l\u2019attestation CO-SEC &nbsp;officielle des Boulanger-Confiseurs Suisse et serai reconnu comme coordinateur de s\u00e9curit\u00e9 pour la solution de branche BCS.<\/div>\n<div>&nbsp;<\/div>\n<\/p>\n<h2>Kursort<\/h2>\n<p><div>Richemont centre de comp\u00e9tence, Rue des Pr\u00e9s-du-Lac 32, 1400 Yverdon-les-Bains<\/div>\n<\/p>\n<h2>Referenten<\/h2>\n<p><div>S\u00e9bastien Knecht, Responsable de Richemont Romandie<\/div>\n<div>&nbsp;<\/div><\/p>\n","protected":false},"featured_media":2245,"menu_order":0,"template":"","product-category":[26,20],"product-language":[80],"product-place":[3266],"class_list":["post-56835","event","type-event","status-publish","has-post-thumbnail","hentry","product-category-bildung","product-category-technologie-kontrolle-qualitaet","product-language-franzoesisch","product-place-yverdon-les-bains"],"acf":[],"yoast_head":"<!-- This site is optimized with the Yoast SEO Premium plugin v26.7 (Yoast SEO v26.7) - https:\/\/yoast.com\/wordpress\/plugins\/seo\/ -->\n<title>S\u00e9curit\u00e9 au travail et protection de la sant\u00e9 - Richemont \u00e9cole professionnelle<\/title>\n<meta name=\"description\" content=\"Devenez coordinateur de s\u00e9curit\u00e9 ASA certifi\u00e9. Apprenez \u00e0 pr\u00e9venir les risques, soutenir l\u2019employeur et promouvoir la sant\u00e9 au travail. Formation BCS reconnue.\" \/>\n<meta name=\"robots\" content=\"index, follow, max-snippet:-1, max-image-preview:large, max-video-preview:-1\" \/>\n<link rel=\"canonical\" href=\"https:\/\/richemont.swiss\/fr\/event\/securite-au-travail-et-protection-de-la-sante-14\/\" \/>\n<meta property=\"og:locale\" content=\"fr_FR\" \/>\n<meta property=\"og:type\" content=\"article\" \/>\n<meta property=\"og:title\" content=\"S\u00e9curit\u00e9 au travail et protection de la sant\u00e9\" \/>\n<meta property=\"og:description\" content=\"Devenez coordinateur de s\u00e9curit\u00e9 ASA certifi\u00e9. Apprenez \u00e0 pr\u00e9venir les risques, soutenir l\u2019employeur et promouvoir la sant\u00e9 au travail. Formation BCS reconnue.\" \/>\n<meta property=\"og:url\" content=\"https:\/\/richemont.swiss\/fr\/event\/securite-au-travail-et-protection-de-la-sante-14\/\" \/>\n<meta property=\"og:site_name\" content=\"Richemont\" \/>\n<meta property=\"article:modified_time\" content=\"2026-02-05T22:45:02+00:00\" \/>\n<meta property=\"og:image\" content=\"https:\/\/richemont.swiss\/wp-content\/uploads\/2018\/11\/sant__scurit_au_travail_au_quotidien.jpg\" \/>\n\t<meta property=\"og:image:width\" content=\"4256\" \/>\n\t<meta property=\"og:image:height\" content=\"2832\" \/>\n\t<meta property=\"og:image:type\" content=\"image\/jpeg\" \/>\n<meta name=\"twitter:card\" content=\"summary_large_image\" \/>\n<meta name=\"twitter:label1\" content=\"Dur\u00e9e de lecture estim\u00e9e\" \/>\n\t<meta name=\"twitter:data1\" content=\"2 minutes\" \/>\n<script type=\"application\/ld+json\" class=\"yoast-schema-graph\">{\"@context\":\"https:\/\/schema.org\",\"@graph\":[{\"@type\":\"WebPage\",\"@id\":\"https:\/\/richemont.swiss\/fr\/event\/securite-au-travail-et-protection-de-la-sante-14\/\",\"url\":\"https:\/\/richemont.swiss\/fr\/event\/securite-au-travail-et-protection-de-la-sante-14\/\",\"name\":\"S\u00e9curit\u00e9 au travail et protection de la sant\u00e9 - Richemont \u00e9cole professionnelle\",\"isPartOf\":{\"@id\":\"https:\/\/richemont.swiss\/fr\/#website\"},\"primaryImageOfPage\":{\"@id\":\"https:\/\/richemont.swiss\/fr\/event\/securite-au-travail-et-protection-de-la-sante-14\/#primaryimage\"},\"image\":{\"@id\":\"https:\/\/richemont.swiss\/fr\/event\/securite-au-travail-et-protection-de-la-sante-14\/#primaryimage\"},\"thumbnailUrl\":\"https:\/\/richemont.swiss\/wp-content\/uploads\/2018\/11\/sant__scurit_au_travail_au_quotidien.jpg\",\"datePublished\":\"2026-02-04T00:00:00+00:00\",\"dateModified\":\"2026-02-05T22:45:02+00:00\",\"description\":\"Devenez coordinateur de s\u00e9curit\u00e9 ASA certifi\u00e9. Apprenez \u00e0 pr\u00e9venir les risques, soutenir l\u2019employeur et promouvoir la sant\u00e9 au travail. Formation BCS reconnue.\",\"breadcrumb\":{\"@id\":\"https:\/\/richemont.swiss\/fr\/event\/securite-au-travail-et-protection-de-la-sante-14\/#breadcrumb\"},\"inLanguage\":\"fr-FR\",\"potentialAction\":[{\"@type\":\"ReadAction\",\"target\":[\"https:\/\/richemont.swiss\/fr\/event\/securite-au-travail-et-protection-de-la-sante-14\/\"]}]},{\"@type\":\"ImageObject\",\"inLanguage\":\"fr-FR\",\"@id\":\"https:\/\/richemont.swiss\/fr\/event\/securite-au-travail-et-protection-de-la-sante-14\/#primaryimage\",\"url\":\"https:\/\/richemont.swiss\/wp-content\/uploads\/2018\/11\/sant__scurit_au_travail_au_quotidien.jpg\",\"contentUrl\":\"https:\/\/richemont.swiss\/wp-content\/uploads\/2018\/11\/sant__scurit_au_travail_au_quotidien.jpg\",\"width\":4256,\"height\":2832,\"caption\":\"Sant\u00e9 et s\u00e9curit\u00e9 au travail au quotidien\"},{\"@type\":\"BreadcrumbList\",\"@id\":\"https:\/\/richemont.swiss\/fr\/event\/securite-au-travail-et-protection-de-la-sante-14\/#breadcrumb\",\"itemListElement\":[{\"@type\":\"ListItem\",\"position\":1,\"name\":\"Home\",\"item\":\"https:\/\/richemont.swiss\/fr\/\"},{\"@type\":\"ListItem\",\"position\":2,\"name\":\"S\u00e9curit\u00e9 au travail et protection de la sant\u00e9\"}]},{\"@type\":\"WebSite\",\"@id\":\"https:\/\/richemont.swiss\/fr\/#website\",\"url\":\"https:\/\/richemont.swiss\/fr\/\",\"name\":\"Richemont\",\"description\":\"\",\"potentialAction\":[{\"@type\":\"SearchAction\",\"target\":{\"@type\":\"EntryPoint\",\"urlTemplate\":\"https:\/\/richemont.swiss\/fr\/?s={search_term_string}\"},\"query-input\":{\"@type\":\"PropertyValueSpecification\",\"valueRequired\":true,\"valueName\":\"search_term_string\"}}],\"inLanguage\":\"fr-FR\"}]}<\/script>\n<!-- \/ Yoast SEO Premium plugin. -->","yoast_head_json":{"title":"S\u00e9curit\u00e9 au travail et protection de la sant\u00e9 - Richemont \u00e9cole professionnelle","description":"Devenez coordinateur de s\u00e9curit\u00e9 ASA certifi\u00e9. Apprenez \u00e0 pr\u00e9venir les risques, soutenir l\u2019employeur et promouvoir la sant\u00e9 au travail. Formation BCS reconnue.","robots":{"index":"index","follow":"follow","max-snippet":"max-snippet:-1","max-image-preview":"max-image-preview:large","max-video-preview":"max-video-preview:-1"},"canonical":"https:\/\/richemont.swiss\/fr\/event\/securite-au-travail-et-protection-de-la-sante-14\/","og_locale":"fr_FR","og_type":"article","og_title":"S\u00e9curit\u00e9 au travail et protection de la sant\u00e9","og_description":"Devenez coordinateur de s\u00e9curit\u00e9 ASA certifi\u00e9. Apprenez \u00e0 pr\u00e9venir les risques, soutenir l\u2019employeur et promouvoir la sant\u00e9 au travail. Formation BCS reconnue.","og_url":"https:\/\/richemont.swiss\/fr\/event\/securite-au-travail-et-protection-de-la-sante-14\/","og_site_name":"Richemont","article_modified_time":"2026-02-05T22:45:02+00:00","og_image":[{"width":4256,"height":2832,"url":"https:\/\/richemont.swiss\/wp-content\/uploads\/2018\/11\/sant__scurit_au_travail_au_quotidien.jpg","type":"image\/jpeg"}],"twitter_card":"summary_large_image","twitter_misc":{"Dur\u00e9e de lecture estim\u00e9e":"2 minutes"},"schema":{"@context":"https:\/\/schema.org","@graph":[{"@type":"WebPage","@id":"https:\/\/richemont.swiss\/fr\/event\/securite-au-travail-et-protection-de-la-sante-14\/","url":"https:\/\/richemont.swiss\/fr\/event\/securite-au-travail-et-protection-de-la-sante-14\/","name":"S\u00e9curit\u00e9 au travail et protection de la sant\u00e9 - Richemont \u00e9cole professionnelle","isPartOf":{"@id":"https:\/\/richemont.swiss\/fr\/#website"},"primaryImageOfPage":{"@id":"https:\/\/richemont.swiss\/fr\/event\/securite-au-travail-et-protection-de-la-sante-14\/#primaryimage"},"image":{"@id":"https:\/\/richemont.swiss\/fr\/event\/securite-au-travail-et-protection-de-la-sante-14\/#primaryimage"},"thumbnailUrl":"https:\/\/richemont.swiss\/wp-content\/uploads\/2018\/11\/sant__scurit_au_travail_au_quotidien.jpg","datePublished":"2026-02-04T00:00:00+00:00","dateModified":"2026-02-05T22:45:02+00:00","description":"Devenez coordinateur de s\u00e9curit\u00e9 ASA certifi\u00e9. Apprenez \u00e0 pr\u00e9venir les risques, soutenir l\u2019employeur et promouvoir la sant\u00e9 au travail. Formation BCS reconnue.","breadcrumb":{"@id":"https:\/\/richemont.swiss\/fr\/event\/securite-au-travail-et-protection-de-la-sante-14\/#breadcrumb"},"inLanguage":"fr-FR","potentialAction":[{"@type":"ReadAction","target":["https:\/\/richemont.swiss\/fr\/event\/securite-au-travail-et-protection-de-la-sante-14\/"]}]},{"@type":"ImageObject","inLanguage":"fr-FR","@id":"https:\/\/richemont.swiss\/fr\/event\/securite-au-travail-et-protection-de-la-sante-14\/#primaryimage","url":"https:\/\/richemont.swiss\/wp-content\/uploads\/2018\/11\/sant__scurit_au_travail_au_quotidien.jpg","contentUrl":"https:\/\/richemont.swiss\/wp-content\/uploads\/2018\/11\/sant__scurit_au_travail_au_quotidien.jpg","width":4256,"height":2832,"caption":"Sant\u00e9 et s\u00e9curit\u00e9 au travail au quotidien"},{"@type":"BreadcrumbList","@id":"https:\/\/richemont.swiss\/fr\/event\/securite-au-travail-et-protection-de-la-sante-14\/#breadcrumb","itemListElement":[{"@type":"ListItem","position":1,"name":"Home","item":"https:\/\/richemont.swiss\/fr\/"},{"@type":"ListItem","position":2,"name":"S\u00e9curit\u00e9 au travail et protection de la sant\u00e9"}]},{"@type":"WebSite","@id":"https:\/\/richemont.swiss\/fr\/#website","url":"https:\/\/richemont.swiss\/fr\/","name":"Richemont","description":"","potentialAction":[{"@type":"SearchAction","target":{"@type":"EntryPoint","urlTemplate":"https:\/\/richemont.swiss\/fr\/?s={search_term_string}"},"query-input":{"@type":"PropertyValueSpecification","valueRequired":true,"valueName":"search_term_string"}}],"inLanguage":"fr-FR"}]}},"_links":{"self":[{"href":"https:\/\/richemont.swiss\/fr\/wp-json\/wp\/v2\/event\/56835","targetHints":{"allow":["GET"]}}],"collection":[{"href":"https:\/\/richemont.swiss\/fr\/wp-json\/wp\/v2\/event"}],"about":[{"href":"https:\/\/richemont.swiss\/fr\/wp-json\/wp\/v2\/types\/event"}],"wp:featuredmedia":[{"embeddable":true,"href":"https:\/\/richemont.swiss\/fr\/wp-json\/wp\/v2\/media\/2245"}],"wp:attachment":[{"href":"https:\/\/richemont.swiss\/fr\/wp-json\/wp\/v2\/media?parent=56835"}],"wp:term":[{"taxonomy":"product-category","embeddable":true,"href":"https:\/\/richemont.swiss\/fr\/wp-json\/wp\/v2\/product-category?post=56835"},{"taxonomy":"product-language","embeddable":true,"href":"https:\/\/richemont.swiss\/fr\/wp-json\/wp\/v2\/product-language?post=56835"},{"taxonomy":"product-place","embeddable":true,"href":"https:\/\/richemont.swiss\/fr\/wp-json\/wp\/v2\/product-place?post=56835"}],"curies":[{"name":"wp","href":"https:\/\/api.w.org\/{rel}","templated":true}]}}